{"id":103,"date":"2020-06-03T14:18:23","date_gmt":"2020-06-03T12:18:23","guid":{"rendered":"https:\/\/www.faitesdelascience.com\/?page_id=103"},"modified":"2025-07-01T11:51:13","modified_gmt":"2025-07-01T09:51:13","slug":"reglement-de-luniversite-organisatrice","status":"publish","type":"page","link":"https:\/\/www.faitesdelascience.com\/?page_id=103","title":{"rendered":"R\u00e8glement de l&rsquo;universit\u00e9 organisatrice"},"content":{"rendered":"\n<p><strong data-rich-text-format-boundary=\"true\"><span style=\"color: #800080;\">Article 1 \u2013 Organisateur du concours<\/span><br>\n<\/strong>La CDUS (Conf\u00e9rence des Doyens et directeurs des UFR Scientifiques des universit\u00e9s fran\u00e7aises), dont le si\u00e8ge est situ\u00e9 \u00e0 l\u2019adresse suivante :<br>\n<em>Amue &#8211; CDUS&nbsp; 2, rue Albert Einstein 75013 Paris<\/em>,<br>\nen partenariat avec les universit\u00e9s scientifiques de France.<\/p>\n\n\n\n<p><span style=\"color: #800080;\"><strong data-rich-text-format-boundary=\"true\">Article 2 \u2013 Objectif du concours<\/strong><\/span><br data-rich-text-line-break=\"true\">\u2013 D\u00e9velopper l\u2019int\u00e9r\u00eat des jeunes pour les sciences par la r\u00e9alisation de projets concrets et attrayants.<br data-rich-text-line-break=\"true\">\u2013 Susciter leur curiosit\u00e9 et leur enthousiasme pour les \u00e9tudes scientifiques.<br data-rich-text-line-break=\"true\">\u2013 D\u00e9velopper une culture scientifique de base aupr\u00e8s du plus grand nombre d\u2019entre eux, en soutenant les initiatives de sensibilisation des jeunes \u00e0 la recherche scientifique au sein des \u00e9tablissements du second degr\u00e9.<\/p>\n\n\n\n<p><span style=\"color: #800080;\"><strong data-rich-text-format-boundary=\"true\">Article 3 \u2013 Objet du concours<\/strong><\/span><br data-rich-text-line-break=\"true\">S\u00e9lectionner et mettre en valeur les meilleurs projets d\u2019exp\u00e9riences scientifiques ou techniques propos\u00e9s par des \u00e9tablissements d\u2019enseignement secondaire, publics ou priv\u00e9s sous contrat, dans le cadre de leurs activit\u00e9s scolaires ou parascolaires, et r\u00e9alis\u00e9s pour le concours \u00ab\u00a0Faites de la science\u00a0\u00bb conform\u00e9ment au dispositif et aux modalit\u00e9s du concours \u00e9nonc\u00e9es dans le pr\u00e9sent r\u00e8glement \u00e0 l\u2019article 6 (Modalit\u00e9s du concours).<\/p>\n\n\n\n<p><span style=\"color: #800080;\"><strong data-rich-text-format-boundary=\"true\">Article 4 \u2013 Dispositif du concours et calendrier<\/strong><\/span><br data-rich-text-line-break=\"true\">Le concours se d\u00e9roule en deux phases : <br data-rich-text-line-break=\"true\">\u2013 une locale (forum r\u00e9gional) au niveau des universit\u00e9s participantes, <br data-rich-text-line-break=\"true\">\u2013 et une au niveau national (forum national), dans l\u2019universit\u00e9 organisatrice<\/p>\n\n\n\n<hr class=\"wp-block-separator has-alpha-channel-opacity\"\/>\n\n\n\n<p><span style=\"color: #ff00ff;\"><strong>Pour le forum r\u00e9gional organis\u00e9 par les universit\u00e9s participantes au concours \u00ab\u00a0Faites de la science\u00a0\u00bb :<\/strong><\/span><\/p>\n\n\n\n<p><strong><span style=\"color: #000000;\">Septembre\/Octobre<\/span><\/strong><br>\n<span style=\"color: #000000;\">\u2013 Lancement du concours \u00ab&nbsp;Faites de la science&nbsp;\u00bb par la CDUS<\/span><br>\n<span style=\"color: #000000;\">\u2013 Diffusion des dossiers de candidature par les universit\u00e9s participantes aux \u00e9tablissements d\u2019enseignement secondaire<\/span><br>\n<span style=\"color: #000000;\">\u2013 Constitution d\u2019un jury local constitu\u00e9 principalement d\u2019universitaires<\/span><\/p>\n\n\n\n<p><strong>Mi-d\u00e9cembre 2025 (date recommand\u00e9e)<\/strong><br>\u2013 Date limite d\u2019envoi des candidatures par les \u00e9tablissements scolaires \u00e0 leurs universit\u00e9s de rattachement.<br>\u2013 S\u00e9lection des dossiers et attribution d\u2019une bourse de 300 \u20ac (maximum) aux projets retenus par le jury local constitu\u00e9 principalement d\u2019universitaires.<br>Le nombre de bourses d\u00e9cern\u00e9es est laiss\u00e9 \u00e0 l\u2019appr\u00e9ciation des universit\u00e9s.<br>Le jury est souverain, il fixe seul les conditions d\u2019instruction des dossiers. Ses d\u00e9cisions sont sans appel.<br>Annonce des r\u00e9sultats : les \u00e9tablissements scolaires des candidats seront inform\u00e9s des d\u00e9cisions les concernant par mail et\/ou par courrier. La liste des laur\u00e9ats sera diffus\u00e9e sur les sites internet des universit\u00e9s engag\u00e9es dans ce concours et fera l\u2019objet de communiqu\u00e9s aupr\u00e8s de la presse locale.<br><br><strong>Entre la communication des s\u00e9lections et le concours local<\/strong><br>Les laur\u00e9ats r\u00e9aliseront leurs exp\u00e9rimentations au sein de leurs \u00e9tablissements scolaires, clubs ou associations et les supports de pr\u00e9sentation des r\u00e9sultats au moyen de posters, maquettes, mat\u00e9riel multim\u00e9dia\u2026 Ils communiquent un r\u00e9sum\u00e9 \u00e0 l\u2019organisateur local du concours.<br><br><strong>Entre le 15 mars et le 15 mai 2026 (au plus tard)<\/strong><br>Organisation d\u2019un forum \u00ab\u00a0Faites de la science\u00a0\u00bb par les universit\u00e9s sur leurs campus pour accueillir les porteurs de projets soutenus par une bourse et leurs travaux (posters, manipulations, maquettes\u2026 r\u00e9alis\u00e9s dans le cadre des projets soutenus). Des \u00e9l\u00e8ves \u00adambassadeurs seront charg\u00e9s de d\u00e9fendre oralement leurs projets aupr\u00e8s des membres du jury sous forme de mini-soutenances sur les stands.<br>Les meilleurs projets seront r\u00e9compens\u00e9s par des prix. La nature de ces prix est laiss\u00e9e \u00e0 l\u2019appr\u00e9ciation des universit\u00e9s. Ils peuvent \u00eatre financ\u00e9s par des partenaires de l\u2019op\u00e9ration et des entreprises sponsors.<br>La r\u00e9alisation ayant obtenu le premier prix du concours local participera \u00e0 la s\u00e9lection nationale, organis\u00e9e \u00e0 l&rsquo;universit\u00e9 de Bretagne occidentale par la CDUS.<br><br>Imm\u00e9diatement apr\u00e8s l\u2019issue de chaque forum, les universit\u00e9s communiqueront le dossier du premier prix qu\u2019ils ont s\u00e9lectionn\u00e9 par mail \u00e0 l&rsquo;adresse suivante :<br><em>\u00e0 venir<\/em><\/p>\n\n\n\n<p><span style=\"color: #ff00ff;\"><strong>Pour le forum national organis\u00e9 en 2026 par l&rsquo;universit\u00e9 de Bretagne occidentale<\/strong><\/span><strong><span style=\"color: #ff00ff;\">, <\/span><\/strong><span style=\"color: #ff00ff;\"><strong>dite universit\u00e9 organisatrice :<br><\/strong><\/span><strong>5<\/strong><strong> juin :<\/strong><br>La CDUS organise un forum national \u00ab\u00a0Faites de la science\u00a0\u00bb \u00e0 l&rsquo;Universit\u00e9 de Bretagne occidentale. <br>Les laur\u00e9ats s\u00e9lectionn\u00e9s au niveau national seront invit\u00e9s \u00e0 y exposer leurs travaux (posters, manipulations, maquettes\u2026 r\u00e9alis\u00e9s dans le cadre des projets soutenus) \u00e0 la communaut\u00e9 scientifique et aux partenaires du concours national. Des \u00e9l\u00e8ves-ambassadeurs, au nombre de 5 au maximum, seront charg\u00e9s de d\u00e9fendre oralement leurs projets aupr\u00e8s des membres du jury national sous forme de mini\u00ad soutenances sur les stands.<\/p>\n\n\n\n<hr class=\"wp-block-separator has-alpha-channel-opacity\"\/>\n\n\n\n<p><span style=\"color: #800080;\"><strong>Article 5 \u2013 Public concern\u00e9 et domaine g\u00e9ographique du concours<\/strong><\/span><br>Le concours \u00ab\u00a0Faites de la science\u00a0\u00bb s\u2019adresse aux \u00e9l\u00e8ves des coll\u00e8ges et\/ou lyc\u00e9es d\u2019enseignement g\u00e9n\u00e9ral, technologique ou professionnel, publics ou priv\u00e9s sous contrat, situ\u00e9s sur le secteur de recrutement des universit\u00e9s qui participent au concours.<br><br><strong><span style=\"color: #800080;\">Article 6 \u2013 Modalit\u00e9s du concours<\/span><br><\/strong>&#8211; Les projets d\u2019exp\u00e9riences scientifiques doivent s\u2019inscrire dans le cadre scolaire ou parascolaire (club, association, par exemple).<br>&#8211; Ils doivent concerner plusieurs \u00e9l\u00e8ves. La mixit\u00e9 des \u00e9quipes et des disciplines est souhait\u00e9e.<br>&#8211; Ces actions peuvent s\u2019appuyer sur des dispositifs de l\u2019\u00e9ducation nationale (ateliers scientifiques et techniques par exemple).<br>&#8211; Les projets doivent s\u2019inscrire dans le cadre d\u2019un ou plusieurs champs disciplinaires scientifiques ou technologiques et peuvent \u00eatre crois\u00e9s avec des actions relevant des disciplines des sciences humaines.<br>&#8211; Les th\u00e8mes trait\u00e9s s\u2019inscriront de pr\u00e9f\u00e9rence dans les programmes ou activit\u00e9s p\u00e9dagogiques des \u00e9l\u00e8ves, ou auront un lien \u00e9troit avec leur environnement.<br>&#8211; Les travaux scientifiques ou technologiques doivent \u00eatre du niveau scolaire des \u00e9l\u00e8ves porteurs du projet.<br>&#8211; Les projets doivent \u00eatre r\u00e9alisables par les \u00e9l\u00e8ves. Ils devront faire appara\u00eetre la part d\u2019initiative et l\u2019autonomie des \u00e9l\u00e8ves dans la conduite de l\u2019action.<br>&#8211; Les r\u00e9alisations doivent pouvoir \u00eatre pr\u00e9sent\u00e9es par les \u00e9l\u00e8ves dans le cadre d\u2019un forum.<br>&#8211; Chaque \u00e9tablissement scolaire ne peut pas pr\u00e9senter plus de deux dossiers de candidatures par ann\u00e9e.<br>&#8211; La collaboration avec des enseignants-chercheurs ou des laboratoires universitaires est encourag\u00e9e.<br>&#8211; Chaque projet fera l\u2019objet d\u2019un dossier de candidature pr\u00e9sent\u00e9 par l\u2019enseignant responsable du projet, vis\u00e9 par le chef d\u2019\u00e9tablissement, et adress\u00e9 aux organisateurs du concours local dans les d\u00e9lais r\u00e9glementaires.<br>&#8211; Le formulaire du dossier de candidature sera disponible \u00e0 partir de d\u00e9but octobre par t\u00e9l\u00e9chargement sur le site officiel du concours \u00ab Faites de la science \u00bb (<a href=\"https:\/\/www.faitesdelascience.com\">https:\/\/www.faitesdelascience.com<\/a>), sur le site web de chacune des universit\u00e9s participantes ou bien par courrier, sur demande formul\u00e9e aupr\u00e8s des universit\u00e9s.<br>&#8211; Les porteurs de projets soutenus par une bourse s\u2019engagent \u00e0 fournir aux organisateurs du concours local un rapport (de quatre pages maximum) d\u00e9crivant la r\u00e9alisation du projet et le r\u00e9sultat obtenu. Ce rapport ne sera pas utilis\u00e9 pour l\u2019\u00e9valuation des projets mais uniquement pour l\u2019information du jury et la communication autour de l\u2019\u00e9v\u00e9nement.<\/p>\n\n\n\n<p><strong><span style=\"color: #800080;\">Article 7 \u2013 Convention avec les partenaires<\/span><br><\/strong>Des conventions particuli\u00e8res pourront \u00eatre conclues localement entre les universit\u00e9s organisatrices des concours locaux et les organismes partenaires.<strong><br><br><span style=\"color: #800080;\">Article 8 \u2013 Dispositions particuli\u00e8res<\/span><br><\/strong>Le r\u00e9sultat des d\u00e9lib\u00e9rations du jury ne peut pas donner lieu \u00e0 contestation. Les candidats non retenus ne peuvent se pr\u00e9valoir d\u2019aucune indemnit\u00e9. Aucune r\u00e9clamation ne sera admise, notamment en cas de report ou d\u2019annulation. Afin de permettre aux organisateurs de publier toute information et communication, notamment dans le cadre de la promotion des Universit\u00e9s engag\u00e9es et de leurs partenaires, les candidats au concours \u00ab\u00a0Faites de la science\u00a0\u00bb autorisent les organisateurs \u00e0 publier toutes informations et photographies concernant leurs projets et les r\u00e9alisations.<strong><br><br><span style=\"color: #800080;\">Article 9 \u2013 Protection des donn\u00e9es personnelles<\/span><br><\/strong>Dans le cadre de la manifestation r\u00e9gionale et nationale, sauf mention sp\u00e9ciale de leur part, les participants, mineurs et majeurs, autorisent la CDUS, les universit\u00e9s organisatrices du forum r\u00e9gional et l\u2019universit\u00e9 organisatrice du forum national \u00e0 publier les photographies ou vid\u00e9os qui seront prises ces jours-l\u00e0 et utilis\u00e9es \u00e0 des fins de communication et de valorisation du concours.<br>Si une personne ne souhaite pas apparaitre sur les photographies, elle doit en faire la demande \u00e9crite avant que n\u2019ait lieu le concours r\u00e9gional de son acad\u00e9mie et le concours national.<br>Les coordonn\u00e9es des participants pourront \u00eatre trait\u00e9es conform\u00e9ment \u00e0 la loi informatique et libert\u00e9s. Chaque participant dispose d\u2019un droit d\u2019acc\u00e8s, de rectification ou de radiation des informations le concernant qui pourra \u00eatre exerc\u00e9 aupr\u00e8s de la CDUS.<strong><br> <\/strong><\/p>\n\n\n\n<hr class=\"wp-block-separator has-alpha-channel-opacity\"\/>\n","protected":false},"excerpt":{"rendered":"<p>Article 1 \u2013 Organisateur du concours La CDUS (Conf\u00e9rence des Doyens et directeurs des UFR Scientifiques des universit\u00e9s fran\u00e7aises), dont le si\u00e8ge est situ\u00e9 \u00e0 l\u2019adresse suivante : Amue &#8211; CDUS&nbsp; 2, rue Albert Einstein 75013 Paris, en partenariat avec les universit\u00e9s scientifiques de France. Article 2 \u2013 Objectif du concours\u2013 D\u00e9velopper l\u2019int\u00e9r\u00eat des jeunes [&hellip;]<\/p>\n","protected":false},"author":2,"featured_media":0,"parent":0,"menu_order":0,"comment_status":"closed","ping_status":"closed","template":"","meta":{"footnotes":""},"_links":{"self":[{"href":"https:\/\/www.faitesdelascience.com\/index.php?rest_route=\/wp\/v2\/pages\/103"}],"collection":[{"href":"https:\/\/www.faitesdelascience.com\/index.php?rest_route=\/wp\/v2\/pages"}],"about":[{"href":"https:\/\/www.faitesdelascience.com\/index.php?rest_route=\/wp\/v2\/types\/page"}],"author":[{"embeddable":true,"href":"https:\/\/www.faitesdelascience.com\/index.php?rest_route=\/wp\/v2\/users\/2"}],"replies":[{"embeddable":true,"href":"https:\/\/www.faitesdelascience.com\/index.php?rest_route=%2Fwp%2Fv2%2Fcomments&post=103"}],"version-history":[{"count":21,"href":"https:\/\/www.faitesdelascience.com\/index.php?rest_route=\/wp\/v2\/pages\/103\/revisions"}],"predecessor-version":[{"id":1112,"href":"https:\/\/www.faitesdelascience.com\/index.php?rest_route=\/wp\/v2\/pages\/103\/revisions\/1112"}],"wp:attachment":[{"href":"https:\/\/www.faitesdelascience.com\/index.php?rest_route=%2Fwp%2Fv2%2Fmedia&parent=103"}],"curies":[{"name":"wp","href":"https:\/\/api.w.org\/{rel}","templated":true}]}}